{"id":606,"date":"2025-08-07T07:37:58","date_gmt":"2025-08-07T07:37:58","guid":{"rendered":"https:\/\/mellanaplant.fi\/produktionsprocess\/"},"modified":"2025-09-23T13:00:00","modified_gmt":"2025-09-23T13:00:00","slug":"produktionsprocess","status":"publish","type":"page","link":"https:\/\/mellanaplant.fi\/sv\/produktionsprocess\/","title":{"rendered":"Produktionsprocess"},"content":{"rendered":"<div class=\"et_pb_section_0 et_pb_section et_section_regular et_block_section\">\n<div class=\"et_pb_row_0 et_pb_row et_flex_row\">\n<div class=\"et_pb_column_0 et_pb_column et_block_column et_pb_column_empty et_pb_css_mix_blend_mode_passthrough et_flex_column_24_24 et_flex_column_24_24_tablet et_flex_column_24_24_phone et_flex_column_24_24_phoneWide et_flex_column_24_24_tabletWide et_flex_column_24_24_widescreen et_flex_column_24_24_ultraWide\"><\/div>\n\n<div class=\"et_pb_column_1 et_pb_column et_flex_column et_pb_css_mix_blend_mode_passthrough et_flex_column_24_24 et_flex_column_24_24_tablet et_flex_column_24_24_phone et_flex_column_24_24_phoneWide et_flex_column_24_24_tabletWide et_flex_column_24_24_widescreen et_flex_column_24_24_ultraWide\">\n<div class=\"et_pb_text_0 et_pb_text et_pb_bg_layout_light et_pb_module et_flex_module\"><div class=\"et_pb_text_inner\"><h1>Produktionsprocess - Fr\u00e5n fr\u00f6 till planta<\/h1>\n<\/div><\/div>\n<\/div>\n\n<div class=\"et_pb_column_2 et_pb_column et-last-child et_flex_column et_pb_column_empty et_pb_css_mix_blend_mode_passthrough et_flex_column_24_24 et_flex_column_24_24_tablet et_flex_column_24_24_phone et_flex_column_24_24_phoneWide et_flex_column_24_24_tabletWide et_flex_column_24_24_widescreen et_flex_column_24_24_ultraWide\"><\/div>\n<\/div>\n<\/div>\n\n<div class=\"et_pb_section_1 et_pb_section et_section_regular et_block_section\">\n<div class=\"et_pb_row_1 et_pb_row et_block_row\">\n<div class=\"et_pb_column_3 et_pb_column et_pb_column_1_2 et_block_column et_pb_css_mix_blend_mode_passthrough\">\n<div class=\"et_pb_text_1 et_pb_text et_pb_bg_layout_light et_pb_module et_flex_module\"><div class=\"et_pb_text_inner\"><h2>S\u00e5dd<\/h2>\n<p>I Finland planteras \u00e5rligen cirka 160 miljoner plantor, och varje planta b\u00f6rjar sitt liv som ett fr\u00f6. Plantorna fr\u00e5n Mellan\u00e5 Plant odlas fr\u00e5n f\u00f6r\u00e4dlade fr\u00f6n som valts ut fr\u00e5n de b\u00e4sta m\u00f6jliga k\u00e4llorna.<br \/>Som odlingssubstrat anv\u00e4nds ljus, h\u00f6gkvalitativ inhemsk vitmosstorv som har bearbetats s\u00e4rskilt f\u00f6r att passa skogsplantor.<\/p>\n<p>Fr\u00f6na s\u00e5s i Plantek- eller Blockplant-plastkrukor, d\u00e4r krukornas volym varierar beroende p\u00e5 plantans slutliga storlek.<\/p>\n<p>\u00a0<\/p>\n<\/div><\/div>\n<\/div>\n\n<div class=\"et_pb_column_4 et_pb_column et_pb_column_1_2 et-last-child et_block_column et_pb_css_mix_blend_mode_passthrough\">\n<div class=\"et_pb_image_0 et_pb_image et_pb_module et_flex_module\"><span class=\"et_pb_image_wrap\"><img loading=\"lazy\" decoding=\"async\" src=\"https:\/\/mellanaplant.fi\/wp-content\/uploads\/2025\/08\/kylvo-vaaka.jpg\" width=\"1920\" height=\"1180\" sizes=\"(min-width: 0px) and (max-width: 480px) 480px, (min-width: 481px) and (max-width: 980px) 980px, (min-width: 981px) and (max-width: 1280px) 1280px, 100vw\" class=\"wp-image-88\" title=\"plant-start\" \/><\/span><\/div>\n<\/div>\n<\/div>\n\n<div class=\"et_pb_row_2 et_pb_row et_block_row\">\n<div class=\"et_pb_column_5 et_pb_column et_pb_column_1_2 et_block_column et_pb_css_mix_blend_mode_passthrough\">\n<div class=\"et_pb_text_2 et_pb_text et_pb_bg_layout_light et_pb_module et_flex_module\"><div class=\"et_pb_text_inner\"><h2>Groning<\/h2>\n<p>Alla plantor tillbringar sina f\u00f6rsta veckor av tillv\u00e4xten i ett v\u00e4xthus, s\u00e5 att de f\u00e5r en trygg start p\u00e5 sin l\u00e5nga livscykel. I v\u00e4xthuset \u00e4r det l\u00e4tt att kontrollera temperatur, bevattning och g\u00f6dsel \u2013 \u00e4ven under frostn\u00e4tter d\u00e5 plantor som v\u00e4xer utomhus kan ta skada.<\/p>\n<\/div><\/div>\n<\/div>\n\n<div class=\"et_pb_column_6 et_pb_column et_pb_column_1_2 et-last-child et_block_column et_pb_css_mix_blend_mode_passthrough\">\n<div class=\"et_pb_image_1 et_pb_image et_pb_module et_flex_module\"><span class=\"et_pb_image_wrap\"><img loading=\"lazy\" decoding=\"async\" src=\"https:\/\/mellanaplant.fi\/wp-content\/uploads\/2025\/08\/4-scaled.jpg\" width=\"1920\" height=\"1180\" sizes=\"(min-width: 0px) and (max-width: 480px) 480px, (min-width: 481px) and (max-width: 980px) 980px, (min-width: 981px) and (max-width: 1280px) 1280px, (min-width: 1281px) 2560px, 100vw\" class=\"wp-image-88\" title=\"plant-start\" \/><\/span><\/div>\n<\/div>\n<\/div>\n\n<div class=\"et_pb_row_3 et_pb_row et_block_row\">\n<div class=\"et_pb_column_7 et_pb_column et_pb_column_1_2 et_block_column et_pb_css_mix_blend_mode_passthrough\">\n<div class=\"et_pb_text_3 et_pb_text et_pb_bg_layout_light et_pb_module et_flex_module\"><div class=\"et_pb_text_inner\"><h2>Utflyttning och utomhusodling<\/h2>\n<p>N\u00e4r plantorna har vuxit sig tillr\u00e4ckligt stora f\u00f6r att klara p\u00e5frestningarna utomhus, flyttas de till uteodlingsramperna.<\/p>\n<p>Plantorna tillbringar st\u00f6rsta delen av sin livscykel p\u00e5 plantskolan p\u00e5 uteodlingsramperna, d\u00e4r de f\u00e5r bevattning och g\u00f6dsling. M\u00e5let \u00e4r att odla s\u00e5 starka plantor som m\u00f6jligt, som klarar framtidens utmaningar. Ogr\u00e4s som har grott i odlingssubstraten rensas bort f\u00f6r hand. Ogr\u00e4s p\u00e5 plantskolans v\u00e4gkanter och andra omr\u00e5den bek\u00e4mpas p\u00e5 ett milj\u00f6v\u00e4nligt s\u00e4tt med \u00e5ngbehandling \u2013 utan kemiska bek\u00e4mpningsmedel.<\/p>\n<p>&nbsp;<\/p>\n<\/div><\/div>\n<\/div>\n\n<div class=\"et_pb_column_8 et_pb_column et_pb_column_1_2 et-last-child et_block_column et_pb_css_mix_blend_mode_passthrough\">\n<div class=\"et_pb_image_2 et_pb_image et_pb_module et_flex_module\"><span class=\"et_pb_image_wrap\"><img decoding=\"async\" src=\"https:\/\/mellanaplant.fi\/wp-content\/uploads\/2025\/09\/IMG-20250908-WA0005.jpg\" class=\"wp-image-1044\" title=\"IMG-20250908-WA0005\" \/><\/span><\/div>\n<\/div>\n<\/div>\n\n<div class=\"et_pb_row_4 et_pb_row et_block_row\">\n<div class=\"et_pb_column_9 et_pb_column et_pb_column_1_2 et_block_column et_pb_css_mix_blend_mode_passthrough\">\n<div class=\"et_pb_text_4 et_pb_text et_pb_bg_layout_light et_pb_module et_flex_module\"><div class=\"et_pb_text_inner\"><h2>L\u00e5ngnattsbehandling<\/h2>\n<p>Gran- och v\u00e5rtbj\u00f6rksplantornas l\u00e4ngdtillv\u00e4xt och f\u00f6rvedning styrs med l\u00e5ngnattsbehandling. Plantorna t\u00e4cks med en stor m\u00f6rkl\u00e4ggningsduk, vilket ger dem intrycket av l\u00e4ngre n\u00e4tter \u2013 ett tecken p\u00e5 att h\u00f6sten och vintern n\u00e4rmar sig. Denna process stoppar l\u00e4ngdtillv\u00e4xten, fr\u00e4mjar f\u00f6rvedning och h\u00e4rdning, vilket \u00e4r viktigt f\u00f6r vinterh\u00e4rdigheten. P\u00e5 Mellan\u00e5 Plant har denna metod anv\u00e4nts i n\u00e4stan 25 \u00e5r, och den har visat sig vara mycket effektiv \u2013 resultatet \u00e4r starkare plantor.<\/p>\n<\/div><\/div>\n<\/div>\n\n<div class=\"et_pb_column_10 et_pb_column et_pb_column_1_2 et-last-child et_block_column et_pb_css_mix_blend_mode_passthrough\">\n<div class=\"et_pb_image_3 et_pb_image et_pb_module et_flex_module\"><span class=\"et_pb_image_wrap\"><img loading=\"lazy\" decoding=\"async\" src=\"https:\/\/mellanaplant.fi\/wp-content\/uploads\/2025\/08\/20250812_160941-PS-scaled.jpg\" width=\"1920\" height=\"1180\" sizes=\"(min-width: 0px) and (max-width: 480px) 480px, (min-width: 481px) and (max-width: 980px) 980px, (min-width: 981px) and (max-width: 1280px) 1280px, (min-width: 1281px) 2560px, 100vw\" class=\"wp-image-88\" title=\"plant-start\" \/><\/span><\/div>\n<\/div>\n<\/div>\n\n<div class=\"et_pb_row_5 et_pb_row et_block_row\">\n<div class=\"et_pb_column_11 et_pb_column et_pb_column_1_2 et_block_column et_pb_css_mix_blend_mode_passthrough\">\n<div class=\"et_pb_text_5 et_pb_text et_pb_bg_layout_light et_pb_module et_flex_module\"><div class=\"et_pb_text_inner\"><h2>F\u00f6rpackning av plantor<\/h2>\n<p>Plantorna packas med tv\u00e5 halvautomatiska packmaskiner. I f\u00f6rpackningsskedet sorteras plantorna och p\u00e5 s\u00e5 s\u00e4tt s\u00e4kerst\u00e4lls plantornas kvalitet. Under packningsskedet g\u00f6rs stickprov, d\u00e4r plantornas kvalitet och m\u00e4ngd granskas i l\u00e5dorna.<\/p>\n<\/div><\/div>\n<\/div>\n\n<div class=\"et_pb_column_12 et_pb_column et_pb_column_1_2 et-last-child et_block_column et_pb_css_mix_blend_mode_passthrough\">\n<div class=\"et_pb_image_4 et_pb_image et_pb_module et_flex_module\"><span class=\"et_pb_image_wrap\"><img loading=\"lazy\" decoding=\"async\" src=\"https:\/\/mellanaplant.fi\/wp-content\/uploads\/2025\/08\/50-scaled.jpg\" width=\"1920\" height=\"1180\" sizes=\"(min-width: 0px) and (max-width: 480px) 480px, (min-width: 481px) and (max-width: 980px) 980px, (min-width: 981px) and (max-width: 1280px) 1280px, (min-width: 1281px) 2560px, 100vw\" class=\"wp-image-88\" title=\"plant-start\" \/><\/span><\/div>\n<\/div>\n<\/div>\n\n<div class=\"et_pb_row_6 et_pb_row et_block_row\">\n<div class=\"et_pb_column_13 et_pb_column et_pb_column_1_2 et_block_column et_pb_css_mix_blend_mode_passthrough\">\n<div class=\"et_pb_text_6 et_pb_text et_pb_bg_layout_light et_pb_module et_flex_module\"><div class=\"et_pb_text_inner\"><h2>Fryslagring<\/h2>\n<p>Plantornas \u00f6vervintring s\u00e4kerst\u00e4lls genom fryslagring. Plantorna f\u00f6rpackas i kartonger och f\u00f6rvaras i fem olika fryslager p\u00e5 lastpallar. Temperaturen i lagret \u00e4r -4 \u00b0C, vilket skyddar plantorna fr\u00e5n skadedjur och andra faror samt garanterar h\u00f6g kvalitet. F\u00f6rm\u00e5gan att klara fryslagring testas med hj\u00e4lp av jonl\u00e4ckagemetoden.<\/p>\n<p>Fryslagerpackningen p\u00e5b\u00f6rjas i mitten p\u00e5 oktober d\u00e5 plantorna \u00e4r tillr\u00e4ckligt h\u00e4rdade f\u00f6r att klara av fryslagringen.<\/p>\n<\/div><\/div>\n<\/div>\n\n<div class=\"et_pb_column_14 et_pb_column et_pb_column_1_2 et-last-child et_block_column et_pb_css_mix_blend_mode_passthrough\">\n<div class=\"et_pb_image_5 et_pb_image et_pb_module et_flex_module\"><span class=\"et_pb_image_wrap\"><img decoding=\"async\" src=\"https:\/\/mellanaplant.fi\/wp-content\/uploads\/2025\/09\/IMG-20250908-WA0001.jpg\" class=\"wp-image-1047\" title=\"IMG-20250908-WA0001\" \/><\/span><\/div>\n<\/div>\n<\/div>\n\n<div class=\"et_pb_row_7 et_pb_row et_block_row\">\n<div class=\"et_pb_column_15 et_pb_column et_pb_column_1_2 et_block_column et_pb_css_mix_blend_mode_passthrough\">\n<div class=\"et_pb_text_7 et_pb_text et_pb_bg_layout_light et_pb_module et_flex_module\"><div class=\"et_pb_text_inner\"><h2>\u00d6vervintring utomhus<\/h2>\n<p>Blivande 2-\u00e5riga plantor (2 v\u00e4xts\u00e4songer) tillbringar f\u00f6rsta vintern p\u00e5 uteodlingsramperna under 50cm av konstsn\u00f6. P\u00e5 s\u00e5 s\u00e4tt skyddas de fr\u00e5n\u00a0 vinterns skiftande v\u00e4derf\u00f6rh\u00e5llanden.<\/p>\n<\/div><\/div>\n<\/div>\n\n<div class=\"et_pb_column_16 et_pb_column et_pb_column_1_2 et-last-child et_block_column et_pb_css_mix_blend_mode_passthrough\">\n<div class=\"et_pb_image_6 et_pb_image et_pb_module et_flex_module\"><span class=\"et_pb_image_wrap\"><img loading=\"lazy\" decoding=\"async\" src=\"https:\/\/mellanaplant.fi\/wp-content\/uploads\/2025\/08\/IMG_20230222_081140_resized_20230222_090943615-PS.jpg\" width=\"1920\" height=\"1180\" sizes=\"(min-width: 0px) and (max-width: 480px) 480px, (min-width: 481px) and (max-width: 980px) 980px, (min-width: 981px) and (max-width: 1280px) 1280px, (min-width: 1281px) 1728px, 100vw\" class=\"wp-image-88\" title=\"plant-start\" \/><\/span><\/div>\n<\/div>\n<\/div>\n\n<div class=\"et_pb_row_8 et_pb_row et_block_row\">\n<div class=\"et_pb_column_17 et_pb_column et_pb_column_1_2 et_block_column et_pb_css_mix_blend_mode_passthrough\">\n<div class=\"et_pb_text_8 et_pb_text et_pb_bg_layout_light et_pb_module et_flex_module\"><div class=\"et_pb_text_inner\"><h2>Plantleveranser<\/h2>\n<p>Leveranser b\u00f6rjar i god tid innan planteringss\u00e4songen. Plantorna levereras frysta och \u00e4r redo f\u00f6r plantering d\u00e5 de tinat upp. Det kan ta upp till 3 veckor f\u00f6r en plantkruka att tina upp.<\/p>\n<p>Plantor i tillv\u00e4xt som levererats utifr\u00e5n kan planteras omedelbart.<\/p>\n<p>Fr\u00e5n s\u00e5dd till leverans har plantorna f\u00e5tt en bra start p\u00e5 sin livscycel.<\/p>\n<\/div><\/div>\n<\/div>\n\n<div class=\"et_pb_column_18 et_pb_column et_pb_column_1_2 et-last-child et_block_column et_pb_css_mix_blend_mode_passthrough\">\n<div class=\"et_pb_image_7 et_pb_image et_pb_module et_flex_module\"><span class=\"et_pb_image_wrap\"><img loading=\"lazy\" decoding=\"async\" src=\"https:\/\/mellanaplant.fi\/wp-content\/uploads\/2025\/08\/52-scaled.jpg\" width=\"1920\" height=\"1180\" sizes=\"(min-width: 0px) and (max-width: 480px) 480px, (min-width: 481px) and (max-width: 980px) 980px, (min-width: 981px) and (max-width: 1280px) 1280px, (min-width: 1281px) 2560px, 100vw\" class=\"wp-image-88\" title=\"plant-start\" \/><\/span><\/div>\n<\/div>\n<\/div>\n<\/div>","protected":false},"excerpt":{"rendered":"","protected":false},"author":1,"featured_media":0,"parent":0,"menu_order":0,"comment_status":"closed","ping_status":"closed","template":"","meta":{"footnotes":""},"class_list":["post-606","page","type-page","status-publish","hentry"],"_links":{"self":[{"href":"https:\/\/mellanaplant.fi\/sv\/wp-json\/wp\/v2\/pages\/606","targetHints":{"allow":["GET"]}}],"collection":[{"href":"https:\/\/mellanaplant.fi\/sv\/wp-json\/wp\/v2\/pages"}],"about":[{"href":"https:\/\/mellanaplant.fi\/sv\/wp-json\/wp\/v2\/types\/page"}],"author":[{"embeddable":true,"href":"https:\/\/mellanaplant.fi\/sv\/wp-json\/wp\/v2\/users\/1"}],"replies":[{"embeddable":true,"href":"https:\/\/mellanaplant.fi\/sv\/wp-json\/wp\/v2\/comments?post=606"}],"version-history":[{"count":5,"href":"https:\/\/mellanaplant.fi\/sv\/wp-json\/wp\/v2\/pages\/606\/revisions"}],"predecessor-version":[{"id":1404,"href":"https:\/\/mellanaplant.fi\/sv\/wp-json\/wp\/v2\/pages\/606\/revisions\/1404"}],"wp:attachment":[{"href":"https:\/\/mellanaplant.fi\/sv\/wp-json\/wp\/v2\/media?parent=606"}],"curies":[{"name":"wp","href":"https:\/\/api.w.org\/{rel}","templated":true}]}}